{"id":3435,"date":"2026-05-25T08:01:39","date_gmt":"2026-05-25T08:01:39","guid":{"rendered":"https:\/\/ontdekhetzelf.com\/?post_type=wet&#038;p=3435"},"modified":"2026-07-14T13:20:26","modified_gmt":"2026-07-14T13:20:26","slug":"6-wet-van-oorzaak-en-gevolg","status":"publish","type":"wet","link":"https:\/\/ontdekhetzelf.com\/french\/wet\/6-wet-van-oorzaak-en-gevolg\/","title":{"rendered":"6. Loi de cause \u00e0 effet"},"content":{"rendered":"<p class=\"has-text-align-center wp-block-paragraph\"><strong>Changez vos pens\u00e9es, changez votre vie.<\/strong><\/p>\n\n\n\n<h4 class=\"wp-block-heading\">De la pens\u00e9e \u00e0 la manifestation.<\/h4>\n\n\n\n<p class=\"wp-block-paragraph\">La loi de cause \u00e0 effet concerne les \u00e9v\u00e9nements qui se produisent dans notre vie. Selon cette loi, il n'y a pas de hasard et rien ne peut se produire en dehors des lois universelles. La loi dit que chaque cause cr\u00e9e un effet et que chaque effet a son origine dans une cause. Tout ce que nous envoyons dans l'univers sous forme de pens\u00e9es, de paroles, d'\u00e9motions et d'actions nous revient et forme notre r\u00e9alit\u00e9 en tant qu'effet. Jamais comme un ch\u00e2timent, car le ch\u00e2timent est inconnu du Cr\u00e9ateur. Tout ce qui se passe dans notre vie est g\u00e9n\u00e9r\u00e9 par notre pens\u00e9e et par ce \u00e0 quoi nous accordons de l'attention. Le karma est un mot qui appartient \u00e0 cette loi, o\u00f9 l'effet peut se manifester dans cette vie ou dans une vie future. Ce sont alors des affaires inachev\u00e9es qui nous sont apport\u00e9es par notre Soi Sup\u00e9rieur. Mais encore une fois, jamais comme un ch\u00e2timent ou quoi que ce soit qui s'en approche. La loi de cause \u00e0 effet nous permet de cr\u00e9er notre r\u00e9alit\u00e9 avec nos pens\u00e9es, nos paroles, nos \u00e9motions et nos actions. Seulement, nous avons oubli\u00e9 que nous le pouvons, c'est pourquoi nous devenons parfois victimes de l'effet. Cette loi nous donne la possibilit\u00e9 d'\u00eatre consciemment le cr\u00e9ateur de notre propre vie, en toute libert\u00e9. Il n'y a pas de jugement, mais toujours une cause et un effet.<\/p>\n\n\n\n<p class=\"has-text-align-center citaatmargin wp-block-paragraph\"><strong><em>Tout est \u00e9nergie et se d\u00e9place en cercles.<\/em><\/strong><br><strong><em>Nous sommes des \u00e9metteurs d'\u00e9nergie par nos pens\u00e9es, nos sentiments, nos mots et nos actions<\/em><\/strong><br><strong><em>Ce que nous \u00e9mettons nous revient.<\/em><\/strong><\/p>\n\n\n\n<p class=\"wp-block-paragraph\">W. Glaudemans \u00e9crit ceci sur la loi de cause \u00e0 effet :<\/p>\n\n\n\n<p class=\"inspringen wp-block-paragraph\">La Loi de Cause \u00e0 Effet forme justement ici le lien entre l'informe et le manifest\u00e9, o\u00f9 gr\u00e2ce \u00e0 l'\u00e9nergie ajout\u00e9e de l'action, l'intention informe passe \u00e0 une forme manifest\u00e9e. Cette loi relie ces deux mondes. La cause se trouve dans le domaine de l'informe : la pens\u00e9e cr\u00e9atrice ou l'intention qui, depuis le champ de la potentialit\u00e9, a amen\u00e9 toutes les particules d'\u00e9nergie en vibration coh\u00e9rente, pr\u00eates \u00e0 \u00eatre manifest\u00e9es. Et l'effet se trouve au niveau du manifest\u00e9 : la forme dans le monde qui est le r\u00e9sultat du processus de cr\u00e9ation. Autrement dit, la cause r\u00e9side dans l'esprit cr\u00e9ateur hors du temps, l'effet dans le monde mat\u00e9riel du temps et de l'espace. <br>(W. Glaudemans, 2015, p.127)<\/p>\n\n\n\n<h4 class=\"wp-block-heading\">Ce que tu s\u00e8mes, tu le r\u00e9colteras.<\/h4>\n\n\n\n<p class=\"wp-block-paragraph\">Nos pens\u00e9es, nos paroles, nos \u00e9motions et nos actions constituent la cause ; la cons\u00e9quence est le miroir que notre vie nous refl\u00e8te chaque jour. La plupart du temps, nous ne sommes pas conscients d'une exp\u00e9rience dont nous ne comprenons pas pourquoi elle nous arrive. Pourtant, il est conseill\u00e9 d'en assumer la responsabilit\u00e9, sinon nous continuerons peut-\u00eatre \u00e0 bl\u00e2mer les autres pour les probl\u00e8mes de notre vie. C'est bien s\u00fbr plus facile \u00e0 dire qu'\u00e0 faire, surtout si l'on consid\u00e8re les \u00e9v\u00e9nements de notre vie qui peuvent \u00eatre tr\u00e8s douloureux. Prendre ses responsabilit\u00e9s, c'est reconna\u00eetre que nous sommes responsables de ce qui se passe dans notre vie, non pas par culpabilit\u00e9, mais par pardon. Les \u00e9v\u00e9nements de notre vie sont plus faciles \u00e0 comprendre lorsqu'il existe un lien de causalit\u00e9 lin\u00e9aire clair, mais lorsqu'un \u00e9v\u00e9nement se produit et que nous nous demandons : pourquoi moi ? cela se complique. Nous avons toujours la possibilit\u00e9 de d\u00e9cider de la mani\u00e8re dont nous r\u00e9agissons. C'est du moins mon point de vue, m\u00eame si je retombe encore sur de vieilles id\u00e9es face aux \u00e9v\u00e9nements difficiles de la vie, comme l'agressivit\u00e9 envers les autres, la col\u00e8re, la frustration. Finalement, je reviens toujours \u00e0 l'acceptation et \u00e0 la gratitude pour ce que j'ai.<\/p>\n\n\n\n<p class=\"wp-block-paragraph\">L&#x27;exemple suivant m&#x27;a aid\u00e9 \u00e0 mieux comprendre la loi de cause \u00e0 effet : si nous prenons une pierre et que nous la lan\u00e7ons d\u00e9lib\u00e9r\u00e9ment pour briser une vitre chez nos voisins, il est probable que nous soyons tenus pour responsables et que nous devions ensuite payer les dommages. Mais que se passe-t-il si nous lan\u00e7ons diff\u00e9rentes pierres (pens\u00e9es, paroles, actes, \u00e9motions) dans l\u2019univers et que la facture nous est pr\u00e9sent\u00e9e dix ans plus tard, voire deux vies plus tard ? Qui comprendra alors de quoi il s\u2019agissait au final ? Probablement peu de gens, mais lorsque nous savons que la loi de cause \u00e0 effet est toujours \u00e0 l\u2019\u0153uvre, nous prenons conscience que tout ce qui se passe dans notre vie nous appartient.<\/p>\n\n\n\n<h4 class=\"wp-block-heading\">De la r\u00e9action \u00e0 la cr\u00e9ation.<\/h4>\n\n\n\n<p class=\"wp-block-paragraph\">Avec nos pens\u00e9es d'aujourd'hui, nous cr\u00e9ons la r\u00e9alit\u00e9 de demain ou de la semaine prochaine. Une fois que nous avons pris la d\u00e9cision d'assumer la responsabilit\u00e9 de la cause et de l'effet, nous pouvons consciemment (re)cr\u00e9er les deux c\u00f4t\u00e9s, celui de la cause comme celui de l'effet. Le premier pas pourrait \u00eatre de porter une attention consciente aux pens\u00e9es sur ce que nous voulons (cause). Nous pouvons m\u00eame am\u00e9nager des moments dans notre vie pour cela, o\u00f9 nous nous concentrons exclusivement sur ce que nous voulons. Le deuxi\u00e8me pas pourrait \u00eatre de d\u00e9cider que pour tout ce que nous rencontrons dans notre vie (effet) et que nous trouvons ind\u00e9sirable, nous n'allons pas r\u00e9agir comme nous l'avons toujours fait. Nous d\u00e9cidons de r\u00e9agir d'une mani\u00e8re qui peut voir notre ego se r\u00e9volter. En choisissant consciemment une r\u00e9action avec une fr\u00e9quence vibratoire plus \u00e9lev\u00e9e, il ne s'agit plus de r\u00e9action mais de recr\u00e9ation. Des mots comme connexion, respect et unit\u00e9 prendront le dessus. Dans de telles situations, nous devons \u00e9galement regarder nos \u00e9motions. \u00c0 ce moment-l\u00e0, nos \u00e9motions sont la v\u00e9rit\u00e9. Les sentiments de col\u00e8re, de rejet et de d\u00e9ception sont l\u00e0 pour \u00eatre transform\u00e9s en sentiments d'une fr\u00e9quence vibratoire plus \u00e9lev\u00e9e. Ceux-ci m\u00e8neront \u00e0 de nouvelles pens\u00e9es, qui \u00e0 leur tour cr\u00e9eront de nouveaux effets. Ainsi, nous pouvons influencer \u00e0 la fois la cause et l'effet.<\/p>\n\n\n\n<h4 class=\"wp-block-heading\">Croyances.<\/h4>\n\n\n\n<p class=\"wp-block-paragraph\">Lorsque nous, en tant que cr\u00e9ateurs, cr\u00e9ons consciemment avec nos pens\u00e9es, nos mots, nos \u00e9motions et nos actions, nous sommes in\u00e9vitablement confront\u00e9s \u00e0 nos croyances les plus profondes. Une croyance nous montre et nous fait sentir ce que nous pensons vraiment de quelque chose et est toujours vraie pour nous, mais c'est aussi une illusion. Nous avons adopt\u00e9 cette croyance \u00e0 un moment donn\u00e9 de notre vie, g\u00e9n\u00e9ralement dans notre jeunesse, comme une v\u00e9rit\u00e9. Dans le contexte du \u201cSoi\u201d, chaque croyance est une illusion totale. Pourtant, il peut \u00eatre difficile de la voir pour ce qu'elle est. Nous ne pouvons donc pas \u00e9viter de faire face \u00e0 nos croyances. Ensuite, nous avons le choix : transformons-nous ces croyances ou continuons-nous \u00e0 vivre dans l'illusion ? Le texte suivant d'Un Cours en Miracles nous montre ce qu'est une croyance.<\/p>\n\n\n\n<p class=\"has-text-align-center citaatmargin wp-block-paragraph\"><strong><em>Nous ne voyons pas le monde tel qu'il est, nous voyons le monde tel que nous sommes.<\/em><\/strong><br><strong><em>Pas plus, pas moins. Le monde que tu per\u00e7ois est ce qui compte pour toi.<\/em><\/strong><br><strong><em>Elle est le reflet de ton int\u00e9rieur, que tu projettes sur le monde ext\u00e9rieur.<\/em><\/strong><br><strong><em>Le monde est le reflet de ton \u00e9tat d'esprit int\u00e9rieur.<\/em><\/strong><br><strong><em>Telle est ta pens\u00e9e, telle est ta perception. Il est inutile de vouloir changer le monde.<\/em><\/strong><br><strong><em>Choisissez de changer votre fa\u00e7on de voir le monde.<\/em><\/strong><br><strong><em>La perception est une cons\u00e9quence, pas une cause.<\/em><\/strong><\/p>\n\n\n\n<p class=\"has-text-align-center citaatmargin has-small-font-size wp-block-paragraph\">UN COURS EN MIRACLES<\/p>","protected":false},"featured_media":3311,"template":"","meta":{"_acf_changed":true},"class_list":["post-3435","wet","type-wet","status-publish","has-post-thumbnail","hentry"],"acf":[],"yoast_head":"<!-- This site is optimized with the Yoast SEO plugin v28.1 - https:\/\/yoast.com\/product\/yoast-seo-wordpress\/ -->\n<title>6. Wet van Oorzaak en Gevolg - Ontdek het zelf<\/title>\n<meta name=\"robots\" content=\"index, follow, max-snippet:-1, max-image-preview:large, max-video-preview:-1\" \/>\n<link rel=\"canonical\" href=\"https:\/\/ontdekhetzelf.com\/french\/wet\/6-wet-van-oorzaak-en-gevolg\/\" \/>\n<meta property=\"og:locale\" content=\"fr_FR\" \/>\n<meta property=\"og:type\" content=\"article\" \/>\n<meta property=\"og:title\" content=\"6. Wet van Oorzaak en Gevolg - Ontdek het zelf\" \/>\n<meta property=\"og:description\" content=\"Change Your Thoughts, Change Your Life. Van gedachten naar manifestatie. De Wet van Oorzaak en Gevolg gaat over de gebeurtenissen die in ons leven plaatsvinden. Volgens deze wet bestaat er geen toeval en kan er niets buiten de universele wetten plaatsvinden. De wet zegt dat iedere oorzaak een gevolg schept en dat ieder gevolg zijn [&hellip;]\" \/>\n<meta property=\"og:url\" content=\"https:\/\/ontdekhetzelf.com\/french\/wet\/6-wet-van-oorzaak-en-gevolg\/\" \/>\n<meta property=\"og:site_name\" content=\"Ontdek het zelf\" \/>\n<meta property=\"article:modified_time\" content=\"2026-07-14T13:20:26+00:00\" \/>\n<meta property=\"og:image\" content=\"https:\/\/ontdekhetzelf.com\/wp-content\/uploads\/2026\/05\/Wet_Van_Oorzaak_En_Gevolg-002.webp\" \/>\n\t<meta property=\"og:image:width\" content=\"1920\" \/>\n\t<meta property=\"og:image:height\" content=\"1357\" \/>\n\t<meta property=\"og:image:type\" content=\"image\/webp\" \/>\n<meta name=\"twitter:card\" content=\"summary_large_image\" \/>\n<meta name=\"twitter:label1\" content=\"Dur\u00e9e de lecture estim\u00e9e\" \/>\n\t<meta name=\"twitter:data1\" content=\"6 minutes\" \/>\n<script type=\"application\/ld+json\" class=\"yoast-schema-graph\">{\"@context\":\"https:\\\/\\\/schema.org\",\"@graph\":[{\"@type\":\"WebPage\",\"@id\":\"https:\\\/\\\/ontdekhetzelf.com\\\/wet\\\/6-wet-van-oorzaak-en-gevolg\\\/\",\"url\":\"https:\\\/\\\/ontdekhetzelf.com\\\/wet\\\/6-wet-van-oorzaak-en-gevolg\\\/\",\"name\":\"6. Wet van Oorzaak en Gevolg - Ontdek het zelf\",\"isPartOf\":{\"@id\":\"https:\\\/\\\/ontdekhetzelf.com\\\/#website\"},\"primaryImageOfPage\":{\"@id\":\"https:\\\/\\\/ontdekhetzelf.com\\\/wet\\\/6-wet-van-oorzaak-en-gevolg\\\/#primaryimage\"},\"image\":{\"@id\":\"https:\\\/\\\/ontdekhetzelf.com\\\/wet\\\/6-wet-van-oorzaak-en-gevolg\\\/#primaryimage\"},\"thumbnailUrl\":\"https:\\\/\\\/ontdekhetzelf.com\\\/wp-content\\\/uploads\\\/2026\\\/05\\\/Wet_Van_Oorzaak_En_Gevolg-002.webp\",\"datePublished\":\"2026-05-25T08:01:39+00:00\",\"dateModified\":\"2026-07-14T13:20:26+00:00\",\"inLanguage\":\"fr-FR\",\"potentialAction\":[{\"@type\":\"ReadAction\",\"target\":[\"https:\\\/\\\/ontdekhetzelf.com\\\/wet\\\/6-wet-van-oorzaak-en-gevolg\\\/\"]}]},{\"@type\":\"ImageObject\",\"inLanguage\":\"fr-FR\",\"@id\":\"https:\\\/\\\/ontdekhetzelf.com\\\/wet\\\/6-wet-van-oorzaak-en-gevolg\\\/#primaryimage\",\"url\":\"https:\\\/\\\/ontdekhetzelf.com\\\/wp-content\\\/uploads\\\/2026\\\/05\\\/Wet_Van_Oorzaak_En_Gevolg-002.webp\",\"contentUrl\":\"https:\\\/\\\/ontdekhetzelf.com\\\/wp-content\\\/uploads\\\/2026\\\/05\\\/Wet_Van_Oorzaak_En_Gevolg-002.webp\",\"width\":1920,\"height\":1357},{\"@type\":\"WebSite\",\"@id\":\"https:\\\/\\\/ontdekhetzelf.com\\\/#website\",\"url\":\"https:\\\/\\\/ontdekhetzelf.com\\\/\",\"name\":\"Ontdek het zelf\",\"description\":\"\",\"publisher\":{\"@id\":\"https:\\\/\\\/ontdekhetzelf.com\\\/#organization\"},\"potentialAction\":[{\"@type\":\"SearchAction\",\"target\":{\"@type\":\"EntryPoint\",\"urlTemplate\":\"https:\\\/\\\/ontdekhetzelf.com\\\/?s={search_term_string}\"},\"query-input\":{\"@type\":\"PropertyValueSpecification\",\"valueRequired\":true,\"valueName\":\"search_term_string\"}}],\"inLanguage\":\"fr-FR\"},{\"@type\":\"Organization\",\"@id\":\"https:\\\/\\\/ontdekhetzelf.com\\\/#organization\",\"name\":\"Ontdek het zelf\",\"url\":\"https:\\\/\\\/ontdekhetzelf.com\\\/\",\"logo\":{\"@type\":\"ImageObject\",\"inLanguage\":\"fr-FR\",\"@id\":\"https:\\\/\\\/ontdekhetzelf.com\\\/#\\\/schema\\\/logo\\\/image\\\/\",\"url\":\"https:\\\/\\\/ontdekhetzelf.com\\\/wp-content\\\/uploads\\\/2020\\\/02\\\/Copilot_20260611_153822-e1781518831439.webp\",\"contentUrl\":\"https:\\\/\\\/ontdekhetzelf.com\\\/wp-content\\\/uploads\\\/2020\\\/02\\\/Copilot_20260611_153822-e1781518831439.webp\",\"width\":1073,\"height\":433,\"caption\":\"Ontdek het zelf\"},\"image\":{\"@id\":\"https:\\\/\\\/ontdekhetzelf.com\\\/#\\\/schema\\\/logo\\\/image\\\/\"},\"sameAs\":[\"https:\\\/\\\/www.pinterest.com\\\/coolpixelnl\\\/\"]}]}<\/script>\n<!-- \/ Yoast SEO plugin. -->","yoast_head_json":{"title":"6. Wet van Oorzaak en Gevolg - Ontdek het zelf","robots":{"index":"index","follow":"follow","max-snippet":"max-snippet:-1","max-image-preview":"max-image-preview:large","max-video-preview":"max-video-preview:-1"},"canonical":"https:\/\/ontdekhetzelf.com\/french\/wet\/6-wet-van-oorzaak-en-gevolg\/","og_locale":"fr_FR","og_type":"article","og_title":"6. Wet van Oorzaak en Gevolg - Ontdek het zelf","og_description":"Change Your Thoughts, Change Your Life. Van gedachten naar manifestatie. De Wet van Oorzaak en Gevolg gaat over de gebeurtenissen die in ons leven plaatsvinden. Volgens deze wet bestaat er geen toeval en kan er niets buiten de universele wetten plaatsvinden. De wet zegt dat iedere oorzaak een gevolg schept en dat ieder gevolg zijn [&hellip;]","og_url":"https:\/\/ontdekhetzelf.com\/french\/wet\/6-wet-van-oorzaak-en-gevolg\/","og_site_name":"Ontdek het zelf","article_modified_time":"2026-07-14T13:20:26+00:00","og_image":[{"width":1920,"height":1357,"url":"https:\/\/ontdekhetzelf.com\/wp-content\/uploads\/2026\/05\/Wet_Van_Oorzaak_En_Gevolg-002.webp","type":"image\/webp"}],"twitter_card":"summary_large_image","twitter_misc":{"Dur\u00e9e de lecture estim\u00e9e":"6 minutes"},"schema":{"@context":"https:\/\/schema.org","@graph":[{"@type":"WebPage","@id":"https:\/\/ontdekhetzelf.com\/wet\/6-wet-van-oorzaak-en-gevolg\/","url":"https:\/\/ontdekhetzelf.com\/wet\/6-wet-van-oorzaak-en-gevolg\/","name":"6. Wet van Oorzaak en Gevolg - Ontdek het zelf","isPartOf":{"@id":"https:\/\/ontdekhetzelf.com\/#website"},"primaryImageOfPage":{"@id":"https:\/\/ontdekhetzelf.com\/wet\/6-wet-van-oorzaak-en-gevolg\/#primaryimage"},"image":{"@id":"https:\/\/ontdekhetzelf.com\/wet\/6-wet-van-oorzaak-en-gevolg\/#primaryimage"},"thumbnailUrl":"https:\/\/ontdekhetzelf.com\/wp-content\/uploads\/2026\/05\/Wet_Van_Oorzaak_En_Gevolg-002.webp","datePublished":"2026-05-25T08:01:39+00:00","dateModified":"2026-07-14T13:20:26+00:00","inLanguage":"fr-FR","potentialAction":[{"@type":"ReadAction","target":["https:\/\/ontdekhetzelf.com\/wet\/6-wet-van-oorzaak-en-gevolg\/"]}]},{"@type":"ImageObject","inLanguage":"fr-FR","@id":"https:\/\/ontdekhetzelf.com\/wet\/6-wet-van-oorzaak-en-gevolg\/#primaryimage","url":"https:\/\/ontdekhetzelf.com\/wp-content\/uploads\/2026\/05\/Wet_Van_Oorzaak_En_Gevolg-002.webp","contentUrl":"https:\/\/ontdekhetzelf.com\/wp-content\/uploads\/2026\/05\/Wet_Van_Oorzaak_En_Gevolg-002.webp","width":1920,"height":1357},{"@type":"WebSite","@id":"https:\/\/ontdekhetzelf.com\/#website","url":"https:\/\/ontdekhetzelf.com\/","name":"D\u00e9couvrez-le par vous-m\u00eame","description":"","publisher":{"@id":"https:\/\/ontdekhetzelf.com\/#organization"},"potentialAction":[{"@type":"SearchAction","target":{"@type":"EntryPoint","urlTemplate":"https:\/\/ontdekhetzelf.com\/?s={search_term_string}"},"query-input":{"@type":"PropertyValueSpecification","valueRequired":true,"valueName":"search_term_string"}}],"inLanguage":"fr-FR"},{"@type":"Organization","@id":"https:\/\/ontdekhetzelf.com\/#organization","name":"D\u00e9couvrez-le par vous-m\u00eame","url":"https:\/\/ontdekhetzelf.com\/","logo":{"@type":"ImageObject","inLanguage":"fr-FR","@id":"https:\/\/ontdekhetzelf.com\/#\/schema\/logo\/image\/","url":"https:\/\/ontdekhetzelf.com\/wp-content\/uploads\/2020\/02\/Copilot_20260611_153822-e1781518831439.webp","contentUrl":"https:\/\/ontdekhetzelf.com\/wp-content\/uploads\/2020\/02\/Copilot_20260611_153822-e1781518831439.webp","width":1073,"height":433,"caption":"Ontdek het zelf"},"image":{"@id":"https:\/\/ontdekhetzelf.com\/#\/schema\/logo\/image\/"},"sameAs":["https:\/\/www.pinterest.com\/coolpixelnl\/"]}]}},"_links":{"self":[{"href":"https:\/\/ontdekhetzelf.com\/french\/wp-json\/wp\/v2\/wet\/3435","targetHints":{"allow":["GET"]}}],"collection":[{"href":"https:\/\/ontdekhetzelf.com\/french\/wp-json\/wp\/v2\/wet"}],"about":[{"href":"https:\/\/ontdekhetzelf.com\/french\/wp-json\/wp\/v2\/types\/wet"}],"wp:featuredmedia":[{"embeddable":true,"href":"https:\/\/ontdekhetzelf.com\/french\/wp-json\/wp\/v2\/media\/3311"}],"wp:attachment":[{"href":"https:\/\/ontdekhetzelf.com\/french\/wp-json\/wp\/v2\/media?parent=3435"}],"curies":[{"name":"wp","href":"https:\/\/api.w.org\/{rel}","templated":true}]}}